{"id":347,"date":"2017-07-21T15:25:50","date_gmt":"2017-07-21T18:25:50","guid":{"rendered":"http:\/\/www.contramar.org\/?page_id=347"},"modified":"2019-03-26T23:28:23","modified_gmt":"2019-03-27T02:28:23","slug":"colectivo-contramar-quienes-somos","status":"publish","type":"page","link":"https:\/\/www.contramar.org\/index.php\/colectivo-contramar-quienes-somos\/","title":{"rendered":"Contramar Editora"},"content":{"rendered":"\t\t<div data-elementor-type=\"wp-post\" data-elementor-id=\"347\" class=\"elementor elementor-347 elementor-bc-flex-widget\">\n\t\t\t\t\t\t<section class=\"elementor-section elementor-top-section elementor-element elementor-element-f82d70f elementor-section-boxed elementor-section-height-default elementor-section-height-default\" data-id=\"f82d70f\" data-element_type=\"section\" data-e-type=\"section\">\n\t\t\t\t\t\t<div class=\"elementor-container elementor-column-gap-default\">\n\t\t\t\t\t<div class=\"elementor-column elementor-col-100 elementor-top-column elementor-element elementor-element-a4924df\" data-id=\"a4924df\" data-element_type=\"column\" data-e-type=\"column\">\n\t\t\t<div class=\"elementor-widget-wrap elementor-element-populated\">\n\t\t\t\t\t\t<div class=\"elementor-element elementor-element-5a48870 elementor-widget elementor-widget-image\" data-id=\"5a48870\" data-element_type=\"widget\" data-e-type=\"widget\" data-widget_type=\"image.default\">\n\t\t\t\t<div class=\"elementor-widget-container\">\n\t\t\t\t\t\t\t\t\t\t\t\t\t\t\t<img fetchpriority=\"high\" decoding=\"async\" width=\"1024\" height=\"320\" src=\"https:\/\/www.contramar.org\/wp-content\/uploads\/2017\/07\/20171217_214302-scaled.jpg\" class=\"attachment-large size-large wp-image-1179\" alt=\"\" srcset=\"https:\/\/www.contramar.org\/wp-content\/uploads\/2017\/07\/20171217_214302-scaled.jpg 2560w, https:\/\/www.contramar.org\/wp-content\/uploads\/2017\/07\/20171217_214302-scaled-300x94.jpg 300w, https:\/\/www.contramar.org\/wp-content\/uploads\/2017\/07\/20171217_214302-scaled-600x187.jpg 600w\" sizes=\"(max-width: 1024px) 100vw, 1024px\" \/>\t\t\t\t\t\t\t\t\t\t\t\t\t\t\t<\/div>\n\t\t\t\t<\/div>\n\t\t\t\t\t<\/div>\n\t\t<\/div>\n\t\t\t\t\t<\/div>\n\t\t<\/section>\n\t\t\t\t<section class=\"elementor-section elementor-top-section elementor-element elementor-element-15e802c elementor-section-boxed elementor-section-height-default elementor-section-height-default\" data-id=\"15e802c\" data-element_type=\"section\" data-e-type=\"section\">\n\t\t\t\t\t\t<div class=\"elementor-container elementor-column-gap-default\">\n\t\t\t\t\t<div class=\"elementor-column elementor-col-100 elementor-top-column elementor-element elementor-element-dffe9f0\" data-id=\"dffe9f0\" data-element_type=\"column\" data-e-type=\"column\">\n\t\t\t<div class=\"elementor-widget-wrap elementor-element-populated\">\n\t\t\t\t\t\t<div class=\"elementor-element elementor-element-c881f62 elementor-widget elementor-widget-text-editor\" data-id=\"c881f62\" data-element_type=\"widget\" data-e-type=\"widget\" data-widget_type=\"text-editor.default\">\n\t\t\t\t<div class=\"elementor-widget-container\">\n\t\t\t\t\t\t\t\t\t<p><strong><span style=\"font-family: 'Courier New'; color: #ff6600;\">Contramar Editora<\/span><\/strong><span style=\"font-family: 'Courier New';\"> es un sello que edita y publica de forma autogestiva, como una peque\u00f1a pol\u00edtica local que usamos para vincularnos con autorxs.<\/span><\/p><p><span style=\"font-family: 'Courier New';\">Comenzamos en 2015, en Capital Federal. Los periplos y procedencias de quienes integramos el colectivo nos llev\u00f3 a plantear un esquema descentralizado. En la actualidad estamos en Capital Federal, Santa Fe, La Plata y en la Patagonia. La red de puntos de venta y distribuci\u00f3n se ha expandido por el pa\u00eds y regiones vecinas como Oaxaca, M\u00e9xico.<\/span><\/p><p><span style=\"font-family: 'Courier New';\">Integramos <strong>Contramar<\/strong>: Mart\u00edn Vallejos, Nicol\u00e1s Gelmini Juri, Dino Schwaab, Luciana Cantisani, Pedro Antoniassi y Javier Yanantuoni.<\/span><\/p>\t\t\t\t\t\t\t\t<\/div>\n\t\t\t\t<\/div>\n\t\t\t\t\t<\/div>\n\t\t<\/div>\n\t\t\t\t\t<\/div>\n\t\t<\/section>\n\t\t\t\t<section class=\"elementor-section elementor-top-section elementor-element elementor-element-4dae1195 elementor-section-boxed elementor-section-height-default elementor-section-height-default\" data-id=\"4dae1195\" data-element_type=\"section\" data-e-type=\"section\">\n\t\t\t\t\t\t<div class=\"elementor-container elementor-column-gap-default\">\n\t\t\t\t\t<div class=\"elementor-column elementor-col-100 elementor-top-column elementor-element elementor-element-49e14985\" data-id=\"49e14985\" data-element_type=\"column\" data-e-type=\"column\">\n\t\t\t<div class=\"elementor-widget-wrap\">\n\t\t\t\t\t\t\t<\/div>\n\t\t<\/div>\n\t\t\t\t\t<\/div>\n\t\t<\/section>\n\t\t\t\t<\/div>\n\t\t","protected":false},"excerpt":{"rendered":"<p>Contramar Editora es un sello que edita y publica de forma autogestiva, como una peque\u00f1a pol\u00edtica local que usamos para vincularnos con autorxs. Comenzamos en 2015, en Capital Federal. Los periplos y procedencias de quienes integramos el colectivo nos llev\u00f3 a plantear un esquema descentralizado. En la actualidad estamos en Capital Federal, Santa Fe, La [&hellip;]<\/p>\n","protected":false},"author":1,"featured_media":0,"parent":0,"menu_order":0,"comment_status":"closed","ping_status":"closed","template":"","meta":{"ocean_post_layout":"","ocean_both_sidebars_style":"","ocean_both_sidebars_content_width":0,"ocean_both_sidebars_sidebars_width":0,"ocean_sidebar":"","ocean_second_sidebar":"","ocean_disable_margins":"enable","ocean_add_body_class":"","ocean_shortcode_before_top_bar":"","ocean_shortcode_after_top_bar":"","ocean_shortcode_before_header":"","ocean_shortcode_after_header":"","ocean_has_shortcode":"","ocean_shortcode_after_title":"","ocean_shortcode_before_footer_widgets":"","ocean_shortcode_after_footer_widgets":"","ocean_shortcode_before_footer_bottom":"","ocean_shortcode_after_footer_bottom":"","ocean_display_top_bar":"default","ocean_display_header":"default","ocean_header_style":"","ocean_center_header_left_menu":"","ocean_custom_header_template":"","ocean_custom_logo":0,"ocean_custom_retina_logo":0,"ocean_custom_logo_max_width":0,"ocean_custom_logo_tablet_max_width":0,"ocean_custom_logo_mobile_max_width":0,"ocean_custom_logo_max_height":0,"ocean_custom_logo_tablet_max_height":0,"ocean_custom_logo_mobile_max_height":0,"ocean_header_custom_menu":"","ocean_menu_typo_font_family":"","ocean_menu_typo_font_subset":"","ocean_menu_typo_font_size":0,"ocean_menu_typo_font_size_tablet":0,"ocean_menu_typo_font_size_mobile":0,"ocean_menu_typo_font_size_unit":"px","ocean_menu_typo_font_weight":"","ocean_menu_typo_font_weight_tablet":"","ocean_menu_typo_font_weight_mobile":"","ocean_menu_typo_transform":"","ocean_menu_typo_transform_tablet":"","ocean_menu_typo_transform_mobile":"","ocean_menu_typo_line_height":0,"ocean_menu_typo_line_height_tablet":0,"ocean_menu_typo_line_height_mobile":0,"ocean_menu_typo_line_height_unit":"","ocean_menu_typo_spacing":0,"ocean_menu_typo_spacing_tablet":0,"ocean_menu_typo_spacing_mobile":0,"ocean_menu_typo_spacing_unit":"","ocean_menu_link_color":"","ocean_menu_link_color_hover":"","ocean_menu_link_color_active":"","ocean_menu_link_background":"","ocean_menu_link_hover_background":"","ocean_menu_link_active_background":"","ocean_menu_social_links_bg":"","ocean_menu_social_hover_links_bg":"","ocean_menu_social_links_color":"","ocean_menu_social_hover_links_color":"","ocean_disable_title":"default","ocean_disable_heading":"default","ocean_post_title":"","ocean_post_subheading":"","ocean_post_title_style":"","ocean_post_title_background_color":"","ocean_post_title_background":0,"ocean_post_title_bg_image_position":"","ocean_post_title_bg_image_attachment":"","ocean_post_title_bg_image_repeat":"","ocean_post_title_bg_image_size":"","ocean_post_title_height":0,"ocean_post_title_bg_overlay":0.5,"ocean_post_title_bg_overlay_color":"","ocean_disable_breadcrumbs":"default","ocean_breadcrumbs_color":"","ocean_breadcrumbs_separator_color":"","ocean_breadcrumbs_links_color":"","ocean_breadcrumbs_links_hover_color":"","ocean_display_footer_widgets":"default","ocean_display_footer_bottom":"default","ocean_custom_footer_template":"","_joinchat":[],"footnotes":""},"class_list":["post-347","page","type-page","status-publish","hentry","entry","owp-thumbs-layout-horizontal","owp-btn-normal","owp-tabs-layout-horizontal","has-no-thumbnails"],"yoast_head":"<!-- This site is optimized with the Yoast SEO plugin v27.3 - https:\/\/yoast.com\/product\/yoast-seo-wordpress\/ -->\n<title>Contramar Editora | Contramar Editora<\/title>\n<meta name=\"robots\" content=\"index, follow, max-snippet:-1, max-image-preview:large, max-video-preview:-1\" \/>\n<link rel=\"canonical\" href=\"https:\/\/www.contramar.org\/index.php\/colectivo-contramar-quienes-somos\/\" \/>\n<meta property=\"og:locale\" content=\"es_ES\" \/>\n<meta property=\"og:type\" content=\"article\" \/>\n<meta property=\"og:title\" content=\"Contramar Editora | Contramar Editora\" \/>\n<meta property=\"og:description\" content=\"Contramar Editora es un sello que edita y publica de forma autogestiva, como una peque\u00f1a pol\u00edtica local que usamos para vincularnos con autorxs. Comenzamos en 2015, en Capital Federal. Los periplos y procedencias de quienes integramos el colectivo nos llev\u00f3 a plantear un esquema descentralizado. En la actualidad estamos en Capital Federal, Santa Fe, La [&hellip;]\" \/>\n<meta property=\"og:url\" content=\"https:\/\/www.contramar.org\/index.php\/colectivo-contramar-quienes-somos\/\" \/>\n<meta property=\"og:site_name\" content=\"Contramar Editora\" \/>\n<meta property=\"article:publisher\" content=\"https:\/\/www.facebook.com\/ContramarEditora\" \/>\n<meta property=\"article:modified_time\" content=\"2019-03-27T02:28:23+00:00\" \/>\n<meta property=\"og:image\" content=\"http:\/\/www.contramar.org\/wp-content\/uploads\/2017\/07\/20171217_214302.jpg\" \/>\n<meta name=\"twitter:card\" content=\"summary_large_image\" \/>\n<meta name=\"twitter:site\" content=\"@ContramarEdito1\" \/>\n<meta name=\"twitter:label1\" content=\"Tiempo de lectura\" \/>\n\t<meta name=\"twitter:data1\" content=\"1 minuto\" \/>\n<script type=\"application\/ld+json\" class=\"yoast-schema-graph\">{\"@context\":\"https:\\\/\\\/schema.org\",\"@graph\":[{\"@type\":\"WebPage\",\"@id\":\"https:\\\/\\\/www.contramar.org\\\/index.php\\\/colectivo-contramar-quienes-somos\\\/\",\"url\":\"https:\\\/\\\/www.contramar.org\\\/index.php\\\/colectivo-contramar-quienes-somos\\\/\",\"name\":\"Contramar Editora | Contramar Editora\",\"isPartOf\":{\"@id\":\"https:\\\/\\\/www.contramar.org\\\/#website\"},\"primaryImageOfPage\":{\"@id\":\"https:\\\/\\\/www.contramar.org\\\/index.php\\\/colectivo-contramar-quienes-somos\\\/#primaryimage\"},\"image\":{\"@id\":\"https:\\\/\\\/www.contramar.org\\\/index.php\\\/colectivo-contramar-quienes-somos\\\/#primaryimage\"},\"thumbnailUrl\":\"http:\\\/\\\/www.contramar.org\\\/wp-content\\\/uploads\\\/2017\\\/07\\\/20171217_214302.jpg\",\"datePublished\":\"2017-07-21T18:25:50+00:00\",\"dateModified\":\"2019-03-27T02:28:23+00:00\",\"breadcrumb\":{\"@id\":\"https:\\\/\\\/www.contramar.org\\\/index.php\\\/colectivo-contramar-quienes-somos\\\/#breadcrumb\"},\"inLanguage\":\"es-AR\",\"potentialAction\":[{\"@type\":\"ReadAction\",\"target\":[\"https:\\\/\\\/www.contramar.org\\\/index.php\\\/colectivo-contramar-quienes-somos\\\/\"]}]},{\"@type\":\"ImageObject\",\"inLanguage\":\"es-AR\",\"@id\":\"https:\\\/\\\/www.contramar.org\\\/index.php\\\/colectivo-contramar-quienes-somos\\\/#primaryimage\",\"url\":\"http:\\\/\\\/www.contramar.org\\\/wp-content\\\/uploads\\\/2017\\\/07\\\/20171217_214302.jpg\",\"contentUrl\":\"http:\\\/\\\/www.contramar.org\\\/wp-content\\\/uploads\\\/2017\\\/07\\\/20171217_214302.jpg\"},{\"@type\":\"BreadcrumbList\",\"@id\":\"https:\\\/\\\/www.contramar.org\\\/index.php\\\/colectivo-contramar-quienes-somos\\\/#breadcrumb\",\"itemListElement\":[{\"@type\":\"ListItem\",\"position\":1,\"name\":\"Inicio\",\"item\":\"https:\\\/\\\/www.contramar.org\\\/\"},{\"@type\":\"ListItem\",\"position\":2,\"name\":\"Contramar Editora\"}]},{\"@type\":\"WebSite\",\"@id\":\"https:\\\/\\\/www.contramar.org\\\/#website\",\"url\":\"https:\\\/\\\/www.contramar.org\\\/\",\"name\":\"Contramar Editora\",\"description\":\"Literatura independiente y federal\",\"publisher\":{\"@id\":\"https:\\\/\\\/www.contramar.org\\\/#organization\"},\"alternateName\":\"Contramar Editora\",\"potentialAction\":[{\"@type\":\"SearchAction\",\"target\":{\"@type\":\"EntryPoint\",\"urlTemplate\":\"https:\\\/\\\/www.contramar.org\\\/?s={search_term_string}\"},\"query-input\":{\"@type\":\"PropertyValueSpecification\",\"valueRequired\":true,\"valueName\":\"search_term_string\"}}],\"inLanguage\":\"es-AR\"},{\"@type\":\"Organization\",\"@id\":\"https:\\\/\\\/www.contramar.org\\\/#organization\",\"name\":\"Contramar Editora\",\"url\":\"https:\\\/\\\/www.contramar.org\\\/\",\"logo\":{\"@type\":\"ImageObject\",\"inLanguage\":\"es-AR\",\"@id\":\"https:\\\/\\\/www.contramar.org\\\/#\\\/schema\\\/logo\\\/image\\\/\",\"url\":\"https:\\\/\\\/www.contramar.org\\\/wp-content\\\/uploads\\\/2022\\\/05\\\/logo-completo-04.png\",\"contentUrl\":\"https:\\\/\\\/www.contramar.org\\\/wp-content\\\/uploads\\\/2022\\\/05\\\/logo-completo-04.png\",\"width\":3451,\"height\":3482,\"caption\":\"Contramar Editora\"},\"image\":{\"@id\":\"https:\\\/\\\/www.contramar.org\\\/#\\\/schema\\\/logo\\\/image\\\/\"},\"sameAs\":[\"https:\\\/\\\/www.facebook.com\\\/ContramarEditora\",\"https:\\\/\\\/x.com\\\/ContramarEdito1\",\"https:\\\/\\\/www.instagram.com\\\/contramar_editora\\\/\",\"https:\\\/\\\/www.youtube.com\\\/@contramareditora8860\"]}]}<\/script>\n<!-- \/ Yoast SEO plugin. -->","yoast_head_json":{"title":"Contramar Editora | Contramar Editora","robots":{"index":"index","follow":"follow","max-snippet":"max-snippet:-1","max-image-preview":"max-image-preview:large","max-video-preview":"max-video-preview:-1"},"canonical":"https:\/\/www.contramar.org\/index.php\/colectivo-contramar-quienes-somos\/","og_locale":"es_ES","og_type":"article","og_title":"Contramar Editora | Contramar Editora","og_description":"Contramar Editora es un sello que edita y publica de forma autogestiva, como una peque\u00f1a pol\u00edtica local que usamos para vincularnos con autorxs. Comenzamos en 2015, en Capital Federal. Los periplos y procedencias de quienes integramos el colectivo nos llev\u00f3 a plantear un esquema descentralizado. En la actualidad estamos en Capital Federal, Santa Fe, La [&hellip;]","og_url":"https:\/\/www.contramar.org\/index.php\/colectivo-contramar-quienes-somos\/","og_site_name":"Contramar Editora","article_publisher":"https:\/\/www.facebook.com\/ContramarEditora","article_modified_time":"2019-03-27T02:28:23+00:00","og_image":[{"url":"http:\/\/www.contramar.org\/wp-content\/uploads\/2017\/07\/20171217_214302.jpg","type":"","width":"","height":""}],"twitter_card":"summary_large_image","twitter_site":"@ContramarEdito1","twitter_misc":{"Tiempo de lectura":"1 minuto"},"schema":{"@context":"https:\/\/schema.org","@graph":[{"@type":"WebPage","@id":"https:\/\/www.contramar.org\/index.php\/colectivo-contramar-quienes-somos\/","url":"https:\/\/www.contramar.org\/index.php\/colectivo-contramar-quienes-somos\/","name":"Contramar Editora | Contramar Editora","isPartOf":{"@id":"https:\/\/www.contramar.org\/#website"},"primaryImageOfPage":{"@id":"https:\/\/www.contramar.org\/index.php\/colectivo-contramar-quienes-somos\/#primaryimage"},"image":{"@id":"https:\/\/www.contramar.org\/index.php\/colectivo-contramar-quienes-somos\/#primaryimage"},"thumbnailUrl":"http:\/\/www.contramar.org\/wp-content\/uploads\/2017\/07\/20171217_214302.jpg","datePublished":"2017-07-21T18:25:50+00:00","dateModified":"2019-03-27T02:28:23+00:00","breadcrumb":{"@id":"https:\/\/www.contramar.org\/index.php\/colectivo-contramar-quienes-somos\/#breadcrumb"},"inLanguage":"es-AR","potentialAction":[{"@type":"ReadAction","target":["https:\/\/www.contramar.org\/index.php\/colectivo-contramar-quienes-somos\/"]}]},{"@type":"ImageObject","inLanguage":"es-AR","@id":"https:\/\/www.contramar.org\/index.php\/colectivo-contramar-quienes-somos\/#primaryimage","url":"http:\/\/www.contramar.org\/wp-content\/uploads\/2017\/07\/20171217_214302.jpg","contentUrl":"http:\/\/www.contramar.org\/wp-content\/uploads\/2017\/07\/20171217_214302.jpg"},{"@type":"BreadcrumbList","@id":"https:\/\/www.contramar.org\/index.php\/colectivo-contramar-quienes-somos\/#breadcrumb","itemListElement":[{"@type":"ListItem","position":1,"name":"Inicio","item":"https:\/\/www.contramar.org\/"},{"@type":"ListItem","position":2,"name":"Contramar Editora"}]},{"@type":"WebSite","@id":"https:\/\/www.contramar.org\/#website","url":"https:\/\/www.contramar.org\/","name":"Contramar Editora","description":"Literatura independiente y federal","publisher":{"@id":"https:\/\/www.contramar.org\/#organization"},"alternateName":"Contramar Editora","potentialAction":[{"@type":"SearchAction","target":{"@type":"EntryPoint","urlTemplate":"https:\/\/www.contramar.org\/?s={search_term_string}"},"query-input":{"@type":"PropertyValueSpecification","valueRequired":true,"valueName":"search_term_string"}}],"inLanguage":"es-AR"},{"@type":"Organization","@id":"https:\/\/www.contramar.org\/#organization","name":"Contramar Editora","url":"https:\/\/www.contramar.org\/","logo":{"@type":"ImageObject","inLanguage":"es-AR","@id":"https:\/\/www.contramar.org\/#\/schema\/logo\/image\/","url":"https:\/\/www.contramar.org\/wp-content\/uploads\/2022\/05\/logo-completo-04.png","contentUrl":"https:\/\/www.contramar.org\/wp-content\/uploads\/2022\/05\/logo-completo-04.png","width":3451,"height":3482,"caption":"Contramar Editora"},"image":{"@id":"https:\/\/www.contramar.org\/#\/schema\/logo\/image\/"},"sameAs":["https:\/\/www.facebook.com\/ContramarEditora","https:\/\/x.com\/ContramarEdito1","https:\/\/www.instagram.com\/contramar_editora\/","https:\/\/www.youtube.com\/@contramareditora8860"]}]}},"blog_post_layout_featured_media_urls":{"thumbnail":"","full":""},"categories_names":null,"comments_number":"0","_links":{"self":[{"href":"https:\/\/www.contramar.org\/index.php\/wp-json\/wp\/v2\/pages\/347","targetHints":{"allow":["GET"]}}],"collection":[{"href":"https:\/\/www.contramar.org\/index.php\/wp-json\/wp\/v2\/pages"}],"about":[{"href":"https:\/\/www.contramar.org\/index.php\/wp-json\/wp\/v2\/types\/page"}],"author":[{"embeddable":true,"href":"https:\/\/www.contramar.org\/index.php\/wp-json\/wp\/v2\/users\/1"}],"replies":[{"embeddable":true,"href":"https:\/\/www.contramar.org\/index.php\/wp-json\/wp\/v2\/comments?post=347"}],"version-history":[{"count":10,"href":"https:\/\/www.contramar.org\/index.php\/wp-json\/wp\/v2\/pages\/347\/revisions"}],"predecessor-version":[{"id":1213,"href":"https:\/\/www.contramar.org\/index.php\/wp-json\/wp\/v2\/pages\/347\/revisions\/1213"}],"wp:attachment":[{"href":"https:\/\/www.contramar.org\/index.php\/wp-json\/wp\/v2\/media?parent=347"}],"curies":[{"name":"wp","href":"https:\/\/api.w.org\/{rel}","templated":true}]}}